{"id":17,"date":"2025-03-25T20:51:54","date_gmt":"2025-03-25T19:51:54","guid":{"rendered":"https:\/\/assises-assos-oise.fr\/index.php\/2025\/03\/25\/front-page\/"},"modified":"2026-09-03T19:39:00","modified_gmt":"2026-09-03T17:39:00","slug":"front-page","status":"publish","type":"page","link":"https:\/\/assises-assos-oise.fr\/","title":{"rendered":"Page d\u2019accueil"},"content":{"rendered":"\t\t<div data-elementor-type=\"wp-post\" data-elementor-id=\"17\" class=\"elementor elementor-17\">\n\t\t\t\t<div class=\"elementor-element elementor-element-f2f5ebf e-flex e-con-boxed e-con e-parent\" data-id=\"f2f5ebf\" data-element_type=\"container\">\n\t\t\t\t\t<div class=\"e-con-inner\">\n\t\t\t\t<div class=\"elementor-element elementor-element-3a79af1 elementor-widget elementor-widget-heading\" data-id=\"3a79af1\" data-element_type=\"widget\" data-widget_type=\"heading.default\">\n\t\t\t\t<div class=\"elementor-widget-container\">\n\t\t\t\t\t<h2 class=\"elementor-heading-title elementor-size-default\">26\/06\/2026 - Il fait tellement chaud...<\/h2>\t\t\t\t<\/div>\n\t\t\t\t<\/div>\n\t\t\t\t\t<\/div>\n\t\t\t\t<\/div>\n\t\t<div class=\"elementor-element elementor-element-901aff0 e-grid e-con-boxed e-con e-parent\" data-id=\"901aff0\" data-element_type=\"container\">\n\t\t\t\t\t<div class=\"e-con-inner\">\n\t\t\t\t<div class=\"elementor-element elementor-element-3b6419a elementor-widget elementor-widget-image\" data-id=\"3b6419a\" data-element_type=\"widget\" data-widget_type=\"image.default\">\n\t\t\t\t<div class=\"elementor-widget-container\">\n\t\t\t\t\t\t\t\t\t\t\t\t<figure class=\"wp-caption\">\n\t\t\t\t\t\t\t\t\t\t\t<a href=\"https:\/\/www.facebook.com\/reel\/952550901167744\" target=\"_blank\">\n\t\t\t\t\t\t\t\t\t\t\t\t\t\t\t<\/a>\n\t\t\t\t\t\t\t\t\t\t\t<figcaption class=\"widget-image-caption wp-caption-text\">cliquez sur l'image pour acc\u00e9der \u00e0 la vid\u00e9o.<\/figcaption>\n\t\t\t\t\t\t\t\t\t\t<\/figure>\n\t\t\t\t\t\t\t\t\t<\/div>\n\t\t\t\t<\/div>\n\t\t\t\t<div class=\"elementor-element elementor-element-31a4b9f elementor-widget elementor-widget-text-editor\" data-id=\"31a4b9f\" data-element_type=\"widget\" data-widget_type=\"text-editor.default\">\n\t\t\t\t<div class=\"elementor-widget-container\">\n\t\t\t\t\t\t\t\t\t<h1 dir=\"ltr\">Avant que l&#8217;on n&#8217;oublie cet \u00e9pisode caniculaire, une petite vid\u00e9o humoristique et percutante pour mettre les points sur les &#8220;i&#8221; quant aux responsabilit\u00e9s des uns et des autres sur le climat.\u00a0<\/h1><p>Cliquez sur l&#8217;image<\/p>\t\t\t\t\t\t\t\t<\/div>\n\t\t\t\t<\/div>\n\t\t\t\t\t<\/div>\n\t\t\t\t<\/div>\n\t\t<div class=\"elementor-element elementor-element-38509bc e-flex e-con-boxed e-con e-parent\" data-id=\"38509bc\" data-element_type=\"container\">\n\t\t\t\t\t<div class=\"e-con-inner\">\n\t\t\t\t<div class=\"elementor-element elementor-element-63b490b elementor-widget-divider--view-line elementor-widget elementor-widget-divider\" data-id=\"63b490b\" data-element_type=\"widget\" data-widget_type=\"divider.default\">\n\t\t\t\t<div class=\"elementor-widget-container\">\n\t\t\t\t\t\t\t<div class=\"elementor-divider\">\n\t\t\t<span class=\"elementor-divider-separator\">\n\t\t\t\t\t\t<\/span>\n\t\t<\/div>\n\t\t\t\t\t\t<\/div>\n\t\t\t\t<\/div>\n\t\t\t\t<div class=\"elementor-element elementor-element-805a920 elementor-widget elementor-widget-heading\" data-id=\"805a920\" data-element_type=\"widget\" data-widget_type=\"heading.default\">\n\t\t\t\t<div class=\"elementor-widget-container\">\n\t\t\t\t\t<h2 class=\"elementor-heading-title elementor-size-default\">Bienvenue sur le site des Assises d\u00e9partementales des Associations de l'Oise<\/h2>\t\t\t\t<\/div>\n\t\t\t\t<\/div>\n\t\t<div class=\"elementor-element elementor-element-c1a81b8 e-con-full e-flex e-con e-child\" data-id=\"c1a81b8\" data-element_type=\"container\">\n\t\t\t\t<div class=\"elementor-element elementor-element-2b5b10a elementor-widget elementor-widget-text-editor\" data-id=\"2b5b10a\" data-element_type=\"widget\" data-widget_type=\"text-editor.default\">\n\t\t\t\t<div class=\"elementor-widget-container\">\n\t\t\t\t\t\t\t\t\t<section class=\"elementor-section elementor-top-section elementor-element elementor-element-c9fd08d elementor-section-boxed elementor-section-height-default elementor-section-height-default\" data-id=\"c9fd08d\" data-element_type=\"section\"><div class=\"elementor-container elementor-column-gap-default\"><div class=\"elementor-row\"><div class=\"elementor-column elementor-col-100 elementor-top-column elementor-element elementor-element-a5663a2\" data-id=\"a5663a2\" data-element_type=\"column\"><div class=\"elementor-column-wrap elementor-element-populated\"><div class=\"elementor-widget-wrap\"><div class=\"elementor-element elementor-element-1747655 elementor-widget elementor-widget-text-editor\" data-id=\"1747655\" data-element_type=\"widget\" data-widget_type=\"text-editor.default\"><div class=\"elementor-widget-container\"><div class=\"elementor-text-editor elementor-clearfix\"><h2><span style=\"color: #2d95c2;\"><strong>Les objectifs que nous poursuivons :\u00a0<\/strong><\/span><\/h2><ul><li>Faire prendre conscience de notre utilit\u00e9 sociale<\/li><li>Faire prendre conscience de la nature des difficult\u00e9s auxquelles nous sommes confront\u00e9s<\/li><li>Augmenter le financement de fonctionnement de mani\u00e8re p\u00e9renne<\/li><li>Sortir de ce climat de contr\u00f4le et de suspicion\u00a0<\/li><li>Faire prendre conscience de notre force collective<\/li><li>Instaurer un r\u00e9el partenariat avec les collectivit\u00e9s locales<\/li><\/ul><\/div><\/div><\/div><\/div><\/div><\/div><\/div><\/div><\/section>\t\t\t\t\t\t\t\t<\/div>\n\t\t\t\t<\/div>\n\t\t\t\t<div class=\"elementor-element elementor-element-3b84b8b elementor-widget elementor-widget-text-editor\" data-id=\"3b84b8b\" data-element_type=\"widget\" data-widget_type=\"text-editor.default\">\n\t\t\t\t<div class=\"elementor-widget-container\">\n\t\t\t\t\t\t\t\t\t<p><span style=\"color: #000000;\"><strong>Les <span style=\"color: #000000;\">assises sont un processus de mutualisation, d&#8217;\u00e9ducation populaire de lutte du secteur associatif.<\/span><\/strong><\/span><\/p>\t\t\t\t\t\t\t\t<\/div>\n\t\t\t\t<\/div>\n\t\t\t\t<\/div>\n\t\t\t\t<div class=\"elementor-element elementor-element-33679e3 elementor-widget elementor-widget-spacer\" data-id=\"33679e3\" data-element_type=\"widget\" data-widget_type=\"spacer.default\">\n\t\t\t\t<div class=\"elementor-widget-container\">\n\t\t\t\t\t\t\t<div class=\"elementor-spacer\">\n\t\t\t<div class=\"elementor-spacer-inner\"><\/div>\n\t\t<\/div>\n\t\t\t\t\t\t<\/div>\n\t\t\t\t<\/div>\n\t\t\t\t<div class=\"elementor-element elementor-element-1415b37 elementor-widget elementor-widget-heading\" data-id=\"1415b37\" data-element_type=\"widget\" data-widget_type=\"heading.default\">\n\t\t\t\t<div class=\"elementor-widget-container\">\n\t\t\t\t\t<h2 class=\"elementor-heading-title elementor-size-default\">La mobilisation continue<\/h2>\t\t\t\t<\/div>\n\t\t\t\t<\/div>\n\t\t\t\t\t<\/div>\n\t\t\t\t<\/div>\n\t\t<div class=\"elementor-element elementor-element-2ee81c6 e-flex e-con-boxed e-con e-parent\" data-id=\"2ee81c6\" data-element_type=\"container\">\n\t\t\t\t\t<div class=\"e-con-inner\">\n\t\t\t\t<div class=\"elementor-element elementor-element-722af84 elementor-widget elementor-widget-text-editor\" data-id=\"722af84\" data-element_type=\"widget\" data-widget_type=\"text-editor.default\">\n\t\t\t\t<div class=\"elementor-widget-container\">\n\t\t\t\t\t\t\t\t\t<h2 class=\"elementor-heading-title elementor-size-default\" style=\"text-align: center;\">Suite aux premi\u00e8res assises des associations de l&#8217;Oise qui se sont d\u00e9roul\u00e9es le samedi 18 octobre 2025 \u00e0 Nogent<\/h2>\t\t\t\t\t\t\t\t<\/div>\n\t\t\t\t<\/div>\n\t\t\t\t<div class=\"elementor-element elementor-element-7a4bf17 elementor-widget elementor-widget-text-editor\" data-id=\"7a4bf17\" data-element_type=\"widget\" data-widget_type=\"text-editor.default\">\n\t\t\t\t<div class=\"elementor-widget-container\">\n\t\t\t\t\t\t\t\t\t<p>Extraits du rapport moral de l&#8217;AG du CAC &#8211; Collectif des Associations Citoyennes &#8211; du vendredi 5 juin 2026 :<a href=\"http:\/\/assises-assos-oise.fr\/wp-content\/uploads\/2026\/06\/Rapport-moral-CAC-Pour-AG-vendredi-5-juin-2026.pdf\" target=\"_blank\" rel=\"noopener\"> Cliquez ici.<\/a><\/p>\t\t\t\t\t\t\t\t<\/div>\n\t\t\t\t<\/div>\n\t\t\t\t<div class=\"elementor-element elementor-element-df0a961 elementor-widget-divider--view-line elementor-widget elementor-widget-divider\" data-id=\"df0a961\" data-element_type=\"widget\" data-widget_type=\"divider.default\">\n\t\t\t\t<div class=\"elementor-widget-container\">\n\t\t\t\t\t\t\t<div class=\"elementor-divider\">\n\t\t\t<span class=\"elementor-divider-separator\">\n\t\t\t\t\t\t<\/span>\n\t\t<\/div>\n\t\t\t\t\t\t<\/div>\n\t\t\t\t<\/div>\n\t\t\t\t<div class=\"elementor-element elementor-element-a7d6570 elementor-widget elementor-widget-text-editor\" data-id=\"a7d6570\" data-element_type=\"widget\" data-widget_type=\"text-editor.default\">\n\t\t\t\t<div class=\"elementor-widget-container\">\n\t\t\t\t\t\t\t\t\t<p><img fetchpriority=\"high\" decoding=\"async\" class=\"alignnone size-medium wp-image-2009\" src=\"http:\/\/assises-assos-oise.fr\/wp-content\/uploads\/2026\/06\/Samedi-4-juillet-Compiegne-pour-une-loi-integrale-212x300.jpeg\" alt=\"\" width=\"212\" height=\"300\" srcset=\"https:\/\/assises-assos-oise.fr\/wp-content\/uploads\/2026\/06\/Samedi-4-juillet-Compiegne-pour-une-loi-integrale-212x300.jpeg 212w, https:\/\/assises-assos-oise.fr\/wp-content\/uploads\/2026\/06\/Samedi-4-juillet-Compiegne-pour-une-loi-integrale-724x1024.jpeg 724w, https:\/\/assises-assos-oise.fr\/wp-content\/uploads\/2026\/06\/Samedi-4-juillet-Compiegne-pour-une-loi-integrale-768x1087.jpeg 768w, https:\/\/assises-assos-oise.fr\/wp-content\/uploads\/2026\/06\/Samedi-4-juillet-Compiegne-pour-une-loi-integrale.jpeg 1080w\" sizes=\"(max-width: 212px) 100vw, 212px\" \/><\/p>\t\t\t\t\t\t\t\t<\/div>\n\t\t\t\t<\/div>\n\t\t\t\t<div class=\"elementor-element elementor-element-aae5fbb elementor-widget-divider--view-line elementor-widget elementor-widget-divider\" data-id=\"aae5fbb\" data-element_type=\"widget\" data-widget_type=\"divider.default\">\n\t\t\t\t<div class=\"elementor-widget-container\">\n\t\t\t\t\t\t\t<div class=\"elementor-divider\">\n\t\t\t<span class=\"elementor-divider-separator\">\n\t\t\t\t\t\t<\/span>\n\t\t<\/div>\n\t\t\t\t\t\t<\/div>\n\t\t\t\t<\/div>\n\t\t\t\t<div class=\"elementor-element elementor-element-98a08cb elementor-widget elementor-widget-text-editor\" data-id=\"98a08cb\" data-element_type=\"widget\" data-widget_type=\"text-editor.default\">\n\t\t\t\t<div class=\"elementor-widget-container\">\n\t\t\t\t\t\t\t\t\t<p><strong>R\u00e9union d\u00e9partementale du collectif des Assises de l&#8217;Oise :\u00a0 jeudi 3 septembre 2026 de 18h \u00e0 21h30 \u00e0 la MDA de Breuil le vert 17 ru Andr\u00e9 Oudin<\/strong><\/p>\t\t\t\t\t\t\t\t<\/div>\n\t\t\t\t<\/div>\n\t\t\t\t\t<\/div>\n\t\t\t\t<\/div>\n\t\t\t\t<\/div>\n\t\t","protected":false},"excerpt":{"rendered":"<p>Affiche la page d\u2019accueil de votre site, que celle-ci soit param\u00e9tr\u00e9e pour afficher les derniers articles ou une page statique. Le mod\u00e8le de page d\u2019accueil prend le pas sur tous les autres mod\u00e8les. <a href=\"https:\/\/assises-assos-oise.fr\/\">Continuer la lecture <span class=\"meta-nav\">&rarr;<\/span><\/a><\/p>\n","protected":false},"author":1,"featured_media":0,"parent":0,"menu_order":0,"comment_status":"closed","ping_status":"closed","template":"","meta":{"_eb_attr":"","footnotes":""},"class_list":["post-17","page","type-page","status-publish","hentry"],"_links":{"self":[{"href":"https:\/\/assises-assos-oise.fr\/index.php\/wp-json\/wp\/v2\/pages\/17","targetHints":{"allow":["GET"]}}],"collection":[{"href":"https:\/\/assises-assos-oise.fr\/index.php\/wp-json\/wp\/v2\/pages"}],"about":[{"href":"https:\/\/assises-assos-oise.fr\/index.php\/wp-json\/wp\/v2\/types\/page"}],"author":[{"embeddable":true,"href":"https:\/\/assises-assos-oise.fr\/index.php\/wp-json\/wp\/v2\/users\/1"}],"replies":[{"embeddable":true,"href":"https:\/\/assises-assos-oise.fr\/index.php\/wp-json\/wp\/v2\/comments?post=17"}],"version-history":[{"count":3,"href":"https:\/\/assises-assos-oise.fr\/index.php\/wp-json\/wp\/v2\/pages\/17\/revisions"}],"predecessor-version":[{"id":2037,"href":"https:\/\/assises-assos-oise.fr\/index.php\/wp-json\/wp\/v2\/pages\/17\/revisions\/2037"}],"wp:attachment":[{"href":"https:\/\/assises-assos-oise.fr\/index.php\/wp-json\/wp\/v2\/media?parent=17"}],"curies":[{"name":"wp","href":"https:\/\/api.w.org\/{rel}","templated":true}]}}